{"version":"1.0","provider_name":"Multisitio 2","provider_url":"https:\/\/wordpress2.hdnweb.com\/en","author_name":"venred","author_url":"https:\/\/wordpress2.hdnweb.com\/en\/author\/venred\/","title":"Celebra el D\u00eda del Padre con Mo\u00ebt Hennessy - Multisitio 2","type":"rich","width":600,"height":338,"html":"<blockquote class=\"wp-embedded-content\" data-secret=\"dRWKPIvEPr\"><a href=\"https:\/\/wordpress2.hdnweb.com\/en\/2020\/06\/11\/celebra-el-dia-del-padre-con-moet-hennessy\/\">(Espa\u00f1ol) Celebra el D\u00eda del Padre con Mo\u00ebt Hennessy<\/a><\/blockquote><iframe sandbox=\"allow-scripts\" security=\"restricted\" src=\"https:\/\/wordpress2.hdnweb.com\/en\/2020\/06\/11\/celebra-el-dia-del-padre-con-moet-hennessy\/embed\/#?secret=dRWKPIvEPr\" width=\"600\" height=\"338\" title=\"&#8220;(Espa\u00f1ol) Celebra el D\u00eda del Padre con Mo\u00ebt Hennessy&#8221; &#8212; Multisitio 2\" data-secret=\"dRWKPIvEPr\" frameborder=\"0\" marginwidth=\"0\" marginheight=\"0\" scrolling=\"no\" class=\"wp-embedded-content\"><\/iframe><script>\n\/*! This file is auto-generated *\/\n!function(d,l){\"use strict\";l.querySelector&&d.addEventListener&&\"undefined\"!=typeof URL&&(d.wp=d.wp||{},d.wp.receiveEmbedMessage||(d.wp.receiveEmbedMessage=function(e){var t=e.data;if((t||t.secret||t.message||t.value)&&!\/[^a-zA-Z0-9]\/.test(t.secret)){for(var s,r,n,a=l.querySelectorAll('iframe[data-secret=\"'+t.secret+'\"]'),o=l.querySelectorAll('blockquote[data-secret=\"'+t.secret+'\"]'),c=new RegExp(\"^https?:$\",\"i\"),i=0;i<o.length;i++)o[i].style.display=\"none\";for(i=0;i<a.length;i++)s=a[i],e.source===s.contentWindow&&(s.removeAttribute(\"style\"),\"height\"===t.message?(1e3<(r=parseInt(t.value,10))?r=1e3:~~r<200&&(r=200),s.height=r):\"link\"===t.message&&(r=new URL(s.getAttribute(\"src\")),n=new URL(t.value),c.test(n.protocol))&&n.host===r.host&&l.activeElement===s&&(d.top.location.href=t.value))}},d.addEventListener(\"message\",d.wp.receiveEmbedMessage,!1),l.addEventListener(\"DOMContentLoaded\",function(){for(var e,t,s=l.querySelectorAll(\"iframe.wp-embedded-content\"),r=0;r<s.length;r++)(t=(e=s[r]).getAttribute(\"data-secret\"))||(t=Math.random().toString(36).substring(2,12),e.src+=\"#?secret=\"+t,e.setAttribute(\"data-secret\",t)),e.contentWindow.postMessage({message:\"ready\",secret:t},\"*\")},!1)))}(window,document);\n\/\/# sourceURL=https:\/\/wordpress2.hdnweb.com\/wp-includes\/js\/wp-embed.min.js\n<\/script>\n","thumbnail_url":"https:\/\/wordpress2.hdnweb.com\/wp-content\/uploads\/2020\/05\/8688_1_3044.jpg","thumbnail_width":1,"thumbnail_height":1,"description":"CIUDAD DE M\u00c9XICO, 11 de junio de 2020 \/PRNewswire\/ -- Se acerca unas de las fechas m\u00e1s esperadas y queridas del a\u00f1o. Un d\u00eda en el que podemos celebrar, agradecer y festejar a esa persona que a lo largo de nuestra vida nos ha ense\u00f1ado cosas invaluables y nos ha regalado momentos inolvidables. Hablamos del d\u00eda del Padre, una fecha para la que hemos preparado una breve gu\u00eda de recomendaci\u00f3n de regalos en la que podr\u00e1s encontrar la opci\u00f3n ideal para pap\u00e1. &lt;div spellcheck=&quot;true&quot; id=&quot;prni_dvprnejpgad8fleft&quot; style=&quot;WIDTH: 100%; TEXT-ALIGN: left&quot;..."}